{"id":1281,"date":"2022-11-18T18:07:10","date_gmt":"2022-11-18T17:07:10","guid":{"rendered":"https:\/\/clinicaneurologicarubi.com\/desarrollo-infantil\/?page_id=1281"},"modified":"2022-11-18T18:46:08","modified_gmt":"2022-11-18T17:46:08","slug":"modelo-de-atencion","status":"publish","type":"page","link":"https:\/\/clinicaneurologicarubi.com\/desarrollo-infantil\/modelo-de-atencion\/","title":{"rendered":"Modelo de atenci\u00f3n"},"content":{"rendered":"<p><div id=\"modelo-de-atencion\" class=\"fusion-container-anchor\"><div class=\"fusion-bg-parallax\" data-bg-align=\"right center\" data-direction=\"right\" data-mute=\"false\" data-opacity=\"100\" data-velocity=\"-0.3\" data-mobile-enabled=\"false\" data-break_parents=\"0\" data-bg-image=\"https:\/\/clinicaneurologicarubi.com\/desarrollo-infantil\/wp-content\/uploads\/2022\/09\/Curso-atencion-temprana-1.jpeg\" data-bg-repeat=\"false\" ><\/div><div class=\"fusion-fullwidth fullwidth-box fusion-builder-row-1 fusion-flex-container has-pattern-background has-mask-background fusion-parallax-right nonhundred-percent-fullwidth non-hundred-percent-height-scrolling lazyload\" style=\"--awb-background-position:right center;--awb-border-radius-top-left:0px;--awb-border-radius-top-right:0px;--awb-border-radius-bottom-right:0px;--awb-border-radius-bottom-left:0px;--awb-padding-top:3%;--awb-background-size:cover;--awb-flex-wrap:wrap;\" data-bg=\"https:\/\/clinicaneurologicarubi.com\/desarrollo-infantil\/wp-content\/uploads\/2022\/09\/Curso-atencion-temprana-1.jpeg\" ><div class=\"awb-background-mask\" style=\"background-image:  url(data:image\/svg+xml;utf8,%3Csvg%20width%3D%221920%22%20height%3D%22954%22%20fill%3D%22none%22%20xmlns%3D%22http%3A%2F%2Fwww.w3.org%2F2000%2Fsvg%22%3E%3Cg%20clip-path%3D%22url%28%23prefix__prefix__clip0_77_23452%29%22%3E%3Cpath%20fill-rule%3D%22evenodd%22%20clip-rule%3D%22evenodd%22%20d%3D%22M1353%20308.5c0%20255.507-131.58%20485.45-341.45%20645.5-187.291%20142.83-436.933%20230-711.05%20230C-280.78%201184-752%20792.025-752%20308.5S-280.78-567%20300.5-567c450.743%200%20835.31%20235.692%20985.3%20567%2043.44%2095.948%2067.2%20199.916%2067.2%20308.5z%22%20fill%3D%22rgba%28255%2C255%2C255%2C1%29%22%2F%3E%3Cpath%20d%3D%22M1321.57%20538C1357.08%20287.516%201273.7%2089.91%201127-.418L1374.18-6c65.77%20100.68-15.89%20431.512-52.61%20544zM312%20955c432.242%200%20746.77-180.667%20850-271-90.34%20157.09-176.766%20246.121-208.688%20271H312z%22%20fill%3D%22rgba%28255%2C255%2C255%2C1%29%22%20fill-opacity%3D%22.25%22%2F%3E%3Cpath%20d%3D%22M1344.5%20427c0-252.4-212.67-390.833-319-428.5H1373c70%2082.4%2010.17%20320-28.5%20428.5z%22%20fill%3D%22rgba%28255%2C255%2C255%2C1%29%22%20fill-opacity%3D%22.1%22%2F%3E%3Cpath%20fill-rule%3D%22evenodd%22%20clip-rule%3D%22evenodd%22%20d%3D%22M1337%20184.5c0%20324.402-198.63%20609.049-497.356%20769.5H0V0h1285.8c-149.99-331.308-534.557-567-985.3-567C-280.78-567-752-175.025-752%20308.5c0%2040.898%203.371%2081.142%209.895%20120.549C-617.527%20811.461-207.995%201092%20278%201092c206.311%200%20398.842-50.56%20561.644-138h171.906C1221.42%20793.95%201353%20564.007%201353%20308.5c0-53.218-5.71-105.326-16.64-155.925.42%2010.596.64%2021.239.64%2031.925z%22%20fill%3D%22rgba%28255%2C255%2C255%2C1%29%22%20fill-opacity%3D%22.5%22%2F%3E%3C%2Fg%3E%3Cdefs%3E%3CclipPath%20id%3D%22prefix__prefix__clip0_77_23452%22%3E%3Cpath%20fill%3D%22rgba%28255%2C255%2C255%2C1%29%22%20d%3D%22M0%200h1920v954H0z%22%2F%3E%3C%2FclipPath%3E%3C%2Fdefs%3E%3C%2Fsvg%3E);opacity: 1 ;transform: scale(1, -1);mix-blend-mode:normal;\"><\/div><div class=\"fusion-builder-row fusion-row fusion-flex-align-items-flex-start fusion-flex-content-wrap\" style=\"max-width:1996.8px;margin-left: calc(-4% \/ 2 );margin-right: calc(-4% \/ 2 );\"><div class=\"fusion-layout-column fusion_builder_column fusion-builder-column-0 fusion_builder_column_2_3 2_3 fusion-flex-column\" style=\"--awb-padding-top:5%;--awb-padding-right:8%;--awb-padding-bottom:5%;--awb-padding-left:8%;--awb-bg-size:cover;--awb-width-large:66.666666666667%;--awb-margin-top-large:0px;--awb-spacing-right-large:2.88%;--awb-margin-bottom-large:30px;--awb-spacing-left-large:2.88%;--awb-width-medium:100%;--awb-order-medium:0;--awb-spacing-right-medium:1.92%;--awb-spacing-left-medium:1.92%;--awb-width-small:100%;--awb-order-small:0;--awb-spacing-right-small:1.92%;--awb-spacing-left-small:1.92%;\"><div class=\"fusion-column-wrapper fusion-column-has-shadow fusion-flex-justify-content-flex-start fusion-content-layout-column\"><div class=\"fusion-title title fusion-title-1 fusion-sep-none fusion-title-center fusion-title-rotating fusion-loop-off fusion-title-clipIn fusion-title-size-two\" style=\"--awb-margin-bottom:30px;\"><h2 class=\"fusion-title-heading title-heading-center fusion-responsive-typography-calculated\" style=\"margin:0;text-transform:none;--fontSize:46;line-height:1.25;\"><span class=\"fusion-animated-text-prefix\"><\/span> <span class=\"fusion-animated-texts-wrapper\" style=\"text-align: center;\" data-length=\"line\" data-minDisplayTime=\"1200\"><span class=\"fusion-animated-texts\"><span data-in-effect=\"clipIn\" class=\"fusion-animated-text\" data-in-sequence=\"true\" data-out-reverse=\"true\" data-out-effect=\"clipOut\">Modelo de atenci\u00f3n<\/span><\/span><\/span> <span class=\"fusion-animated-text-postfix\"><\/span><\/h2><\/div><div class=\"fusion-separator fusion-has-icon\" style=\"align-self: center;margin-left: auto;margin-right: auto;margin-top:-10px;margin-bottom:50px;width:100%;max-width:50%;\"><div class=\"fusion-separator-border sep-single sep-solid\" style=\"--awb-height:20px;--awb-amount:20px;--awb-sep-color:#e2487f;border-color:#e2487f;border-top-width:1px;\"><\/div><span class=\"icon-wrapper\" style=\"border-color:#e2487f;background-color:rgba(255,255,255,0);font-size:17px;width: 1.75em; height: 1.75em;border-width:1px;padding:1px;margin-top:-0.5px\"><i class=\"medi-sentiment_satisfied_alt\" style=\"font-size: inherit;color:#e2487f;\" aria-hidden=\"true\"><\/i><\/span><div class=\"fusion-separator-border sep-single sep-solid\" style=\"--awb-height:20px;--awb-amount:20px;--awb-sep-color:#e2487f;border-color:#e2487f;border-top-width:1px;\"><\/div><\/div><div class=\"fusion-text fusion-text-1\"><p style=\"text-align: justify;\"><b>El Centro de Atenci\u00f3n Infantil Temprana (CAIT) CL\u00cdNICA RUB\u00cd <\/b>es un servicio cuya misi\u00f3n es <b>atender las necesidades de ni\u00f1os y ni\u00f1as con edades comprendidas de 0-6 a\u00f1os<\/b> <b>con dificultades en su desarrollo o en situaci\u00f3n de padecerlas, as\u00ed como el apoyo y el asesoramiento a sus familias.<\/b> Hac\u00eda dos direcciones:<\/p>\n<ul>\n<li style=\"text-align: justify;\"><b>Hacia el entorno: <\/b>cubrir las necesidades relacionadas con el tratamiento e intervenci\u00f3n de las personas usuarias depende del estado del entorno en la que \u00e9stas viven. Por lo que es necesario, atender y tener en consideraci\u00f3n el mismo.<\/li>\n<li style=\"text-align: justify;\"><b>Hacia la organizaci\u00f3n: <\/b>trabajar para cubrir las necesidades relacionadas con el tratamiento e intervenci\u00f3n de las personas usuarias implica un compromiso interno con todos los participantes de esta tarea (profesionales, familias y el propio ni\u00f1o).<\/li>\n<\/ul>\n<\/div><div class=\"fusion-modal modal fade modal-1 modelo-atencion\" tabindex=\"-1\" role=\"dialog\" aria-labelledby=\"modal-heading-1\" aria-hidden=\"true\" style=\"--awb-border-color:hsla(var(--awb-color8-h),var(--awb-color8-s),calc( var(--awb-color8-l) + 72% ),var(--awb-color8-a));--awb-background:var(--awb-color2);\"><div class=\"modal-dialog modal-lg\" role=\"document\"><div class=\"modal-content fusion-modal-content\"><div class=\"modal-header\"><button class=\"close\" type=\"button\" data-dismiss=\"modal\" aria-hidden=\"true\" aria-label=\"Close\">&times;<\/button><h3 class=\"modal-title\" id=\"modal-heading-1\" data-dismiss=\"modal\" aria-hidden=\"true\">Para poder cumplir con nuestra misi\u00f3n, poseemos una visi\u00f3n actualizada de la infancia y nos comprometemos con la adquisici\u00f3n de las habilidades necesarias para el desarrollo de las competencias en su m\u00e1ximo posible.<\/h3><\/div><div class=\"modal-body fusion-clearfix\">\n<p><span style=\"background-color: var(--awb-color2); color: var(--body_typography-color); font-family: var(--body_typography-font-family); font-size: var(--body_typography-font-size); font-style: var(--body_typography-font-style,normal); font-weight: var(--body_typography-font-weight); letter-spacing: var(--body_typography-letter-spacing);\">En nuestro centro se realizan un<\/span><span style=\"background-color: var(--awb-color2); color: var(--body_typography-color); font-family: var(--body_typography-font-family); font-size: var(--body_typography-font-size); font-style: var(--body_typography-font-style,normal); letter-spacing: var(--body_typography-letter-spacing);\"><b> conjunto de intervenciones<\/b><\/span><span style=\"background-color: var(--awb-color2); color: var(--body_typography-color); font-family: var(--body_typography-font-family); font-size: var(--body_typography-font-size); font-style: var(--body_typography-font-style,normal); font-weight: var(--body_typography-font-weight); letter-spacing: var(--body_typography-letter-spacing);\"> que se sustentan en una serie de valores<\/span><span style=\"background-color: var(--awb-color2); color: var(--body_typography-color); font-family: var(--body_typography-font-family); font-size: var(--body_typography-font-size); font-style: var(--body_typography-font-style,normal); letter-spacing: var(--body_typography-letter-spacing);\"><b> cuya finalidad es el desarrollo de la autonom\u00eda y la inclusi\u00f3n social de los ni\u00f1os y ni\u00f1as<\/b><\/span><span style=\"background-color: var(--awb-color2); color: var(--body_typography-color); font-family: var(--body_typography-font-family); font-size: var(--body_typography-font-size); font-style: var(--body_typography-font-style,normal); font-weight: var(--body_typography-font-weight); letter-spacing: var(--body_typography-letter-spacing);\"> a los que atienden, y que son los siguientes:<\/span><\/p>\n<p><b>1. Ofrecer servicios de calidad para la consecuci\u00f3n de la misi\u00f3n del centro.<br \/>\n2. Perseguir el bienestar y la satisfacci\u00f3n de los pacientes en la utilizaci\u00f3n de los servicios del centro dando oportunidades para su desarrollo<br \/>\n3. Integrar a los ni\u00f1os y ni\u00f1as con alg\u00fan trastorno en su desarrollo o riesgo de padecerlo en todos los \u00e1mbitos de la vida diaria y de la comunidad del modo m\u00e1s normalizado posible.<br \/>\n4. Respetar la autodeterminaci\u00f3n de los pacientes, teniendo siempre en cuenta sus aspiraciones, deseos y necesidades y fomentando la toma de decisiones.<br \/>\n5. Implicar a las familias en el desarrollo personal de sus hijos, recabando su opini\u00f3n, respetando sus expectativas y suministrando apoyo.<br \/>\n6. Trabajar siempre desde la actualidad y la evidencia cient\u00edfica, buscando el desarrollo de nuevos programas, intervenciones y demandas para maximizar los logros.<br \/>\n7. Transparencia en la gesti\u00f3n.<\/b><\/p>\n<\/div><\/div><\/div><\/div><div ><a class=\"fusion-button button-flat fusion-button-default-size button-default fusion-button-default button-1 fusion-button-default-span fusion-button-default-type\" style=\"width:calc(100%);\" target=\"_self\" href=\"#\" data-toggle=\"modal\" data-target=\".fusion-modal.modelo-atencion\"><span class=\"fusion-button-text\">M\u00e1s informaci\u00f3n<\/span><\/a><\/div><\/div><\/div><\/div><\/div><\/div><div class=\"fusion-fullwidth fullwidth-box fusion-builder-row-2 fusion-flex-container has-pattern-background has-mask-background fusion-parallax-fixed hundred-percent-fullwidth non-hundred-percent-height-scrolling fusion-no-small-visibility lazyload\" style=\"--awb-background-position:right center;--awb-border-radius-top-left:0px;--awb-border-radius-top-right:0px;--awb-border-radius-bottom-right:0px;--awb-border-radius-bottom-left:0px;--awb-padding-top:5%;--awb-padding-right:5%;--awb-padding-bottom:5%;--awb-padding-left:5%;--awb-margin-bottom:0px;--awb-background-image:linear-gradient(90deg, #fb8e91 60%,rgba(255,255,255,0) 86%);;--awb-background-size:cover;--awb-flex-wrap:wrap;background-attachment:fixed;\" data-bg=\"https:\/\/clinicaneurologicarubi.com\/desarrollo-infantil\/wp-content\/uploads\/2022\/10\/clinica-desarrollo-infantil-atencion-temprana.jpg\" data-bg-gradient=\"linear-gradient(90deg, #fb8e91 60%,rgba(255,255,255,0) 86%)\" ><div class=\"awb-background-mask\" style=\"background-image:  url(data:image\/svg+xml;utf8,%3Csvg%20width%3D%221920%22%20height%3D%22954%22%20fill%3D%22none%22%20xmlns%3D%22http%3A%2F%2Fwww.w3.org%2F2000%2Fsvg%22%3E%3Cpath%20fill-rule%3D%22evenodd%22%20clip-rule%3D%22evenodd%22%20d%3D%22M1920%200H0v954h1920V0zm-219%2030c17.67%200%2032%2014.327%2032%2032v87c0%2017.673%2014.33%2032%2032%2032h92c17.67%200%2032%2014.327%2032%2032v556c0%2017.673-14.33%2032-32%2032h-294c-17.67%200-32%2014.327-32%2032v59c0%2017.673-14.33%2032-32%2032H63c-17.673%200-32-14.327-32-32V316c0-17.673%2014.327-32%2032-32h108c17.673%200%2032-14.327%2032-32V62c0-17.673%2014.327-32%2032-32h1466z%22%20fill%3D%22rgba%28251%2C142%2C145%2C1%29%22%2F%3E%3C%2Fsvg%3E);opacity: 1 ;transform: scale(1, -1);mix-blend-mode:normal;\"><\/div><div class=\"fusion-builder-row fusion-row fusion-flex-align-items-stretch fusion-flex-justify-content-space-between fusion-flex-content-wrap\" style=\"width:104% !important;max-width:104% !important;margin-left: calc(-4% \/ 2 );margin-right: calc(-4% \/ 2 );\"><div class=\"fusion-layout-column fusion_builder_column fusion-builder-column-1 fusion_builder_column_3_5 3_5 fusion-flex-column fusion-flex-align-self-stretch fusion-animated\" style=\"--awb-padding-top:5%;--awb-padding-right:5%;--awb-padding-bottom:5%;--awb-padding-left:5%;--awb-overflow:hidden;--awb-bg-size:cover;--awb-border-color:#004c72;--awb-border-style:solid;--awb-border-radius:30px 30px 30px 30px;--awb-width-large:60%;--awb-margin-top-large:0px;--awb-spacing-right-large:3.2%;--awb-margin-bottom-large:0px;--awb-spacing-left-large:40px;--awb-width-medium:100%;--awb-order-medium:0;--awb-spacing-right-medium:1.92%;--awb-spacing-left-medium:1.92%;--awb-width-small:100%;--awb-order-small:0;--awb-spacing-right-small:1.92%;--awb-spacing-left-small:1.92%;\" data-animationType=\"fadeInLeft\" data-animationDuration=\"2.5\" data-animationOffset=\"top-into-view\"><div class=\"fusion-column-wrapper fusion-column-has-shadow fusion-flex-justify-content-space-evenly fusion-content-layout-column\"><div class=\"fusion-title title fusion-title-2 fusion-sep-none fusion-title-center fusion-title-rotating fusion-loop-off fusion-title-clipIn fusion-title-size-two\" style=\"--awb-text-color:#ffffff;--awb-margin-bottom:25px;\"><h2 class=\"fusion-title-heading title-heading-center fusion-responsive-typography-calculated\" style=\"margin:0;text-transform:none;--fontSize:46;line-height:1.25;\"><span class=\"fusion-animated-text-prefix\"><\/span> <span class=\"fusion-animated-texts-wrapper\" style=\"text-align: center;\" data-length=\"line\" data-minDisplayTime=\"1200\"><span class=\"fusion-animated-texts\"><span data-in-effect=\"clipIn\" class=\"fusion-animated-text\" data-in-sequence=\"true\" data-out-reverse=\"true\" data-out-effect=\"clipOut\">Ubicaci\u00f3n de la cl\u00ednica<\/span><\/span><\/span> <span class=\"fusion-animated-text-postfix\"><\/span><\/h2><\/div><div class=\"fusion-separator fusion-has-icon\" style=\"align-self: center;margin-left: auto;margin-right: auto;margin-top:-10px;margin-bottom:30px;width:100%;max-width:50%;\"><div class=\"fusion-separator-border sep-single sep-solid\" style=\"--awb-height:20px;--awb-amount:20px;--awb-sep-color:#ffffff;border-color:#ffffff;border-top-width:1px;\"><\/div><span class=\"icon-wrapper\" style=\"border-color:#ffffff;background-color:rgba(255,255,255,0);font-size:17px;width: 1.75em; height: 1.75em;border-width:1px;padding:1px;margin-top:-0.5px\"><i class=\"medi-sentiment_satisfied_alt\" style=\"font-size: inherit;color:#ffffff;\" aria-hidden=\"true\"><\/i><\/span><div class=\"fusion-separator-border sep-single sep-solid\" style=\"--awb-height:20px;--awb-amount:20px;--awb-sep-color:#ffffff;border-color:#ffffff;border-top-width:1px;\"><\/div><\/div><div class=\"fusion-text fusion-text-2 fusion-text-no-margin\" style=\"--awb-content-alignment:center;--awb-text-color:#ffffff;--awb-margin-bottom:5%;--awb-text-font-family:&quot;Open Sans&quot;;--awb-text-font-style:normal;--awb-text-font-weight:400;\"><p><span style=\"font-size: 14pt;\">Nuestra cl\u00ednica de Unidad de desarrollo infantil se encuentra situada en la<br \/>\n<span style=\"font-size: 18pt;\"><b>Calle Alemania 59, 04740 Roquetas de Mar.<\/b><\/span><\/span><\/p>\n<\/div><div class=\"fusion-builder-row fusion-builder-row-inner fusion-row fusion-flex-align-items-stretch fusion-flex-justify-content-space-between fusion-flex-content-wrap\" style=\"width:104% !important;max-width:104% !important;margin-left: calc(-4% \/ 2 );margin-right: calc(-4% \/ 2 );\"><div class=\"fusion-layout-column fusion_builder_column_inner fusion-builder-nested-column-0 fusion_builder_column_inner_1_1 1_1 fusion-flex-column fusion-flex-align-self-stretch\" style=\"--awb-overflow:hidden;--awb-bg-size:cover;--awb-border-radius:30px 30px 30px 30px;--awb-width-large:100%;--awb-margin-top-large:0px;--awb-spacing-right-large:1.92%;--awb-margin-bottom-large:30px;--awb-spacing-left-large:1.92%;--awb-width-medium:100%;--awb-order-medium:0;--awb-spacing-right-medium:1.92%;--awb-spacing-left-medium:1.92%;--awb-width-small:100%;--awb-order-small:0;--awb-spacing-right-small:1.92%;--awb-spacing-left-small:1.92%;\"><div class=\"fusion-column-wrapper fusion-column-has-shadow fusion-flex-justify-content-space-around fusion-content-layout-column\"><iframe src=\"https:\/\/www.google.com\/maps\/embed?pb=!1m18!1m12!1m3!1d798.9800228065342!2d-2.60695621187236!3d36.77248439874095!2m3!1f0!2f0!3f0!3m2!1i1024!2i768!4f13.1!3m3!1m2!1s0xd707016551d0b15%3A0x9de4118282e1d895!2sC.%20Alemania%2C%2059%2C%2004740%20Roquetas%20de%20Mar%2C%20Almer%C3%ADa!5e0!3m2!1ses!2ses!4v1666966313001!5m2!1ses!2ses\" width=\"100%\" height=\"350\" style=\"border:0;\" allowfullscreen=\"\" loading=\"lazy\" referrerpolicy=\"no-referrer-when-downgrade\"><\/iframe><\/div><\/div><\/div><\/div><\/div><div class=\"fusion-layout-column fusion_builder_column fusion-builder-column-2 fusion_builder_column_2_5 2_5 fusion-flex-column fusion-flex-align-self-stretch\" style=\"--awb-padding-right:0px;--awb-padding-left:40px;--awb-bg-size:cover;--awb-border-color:#004c72;--awb-border-style:solid;--awb-width-large:40%;--awb-margin-top-large:0px;--awb-spacing-right-large:20px;--awb-margin-bottom-large:0px;--awb-spacing-left-large:0px;--awb-width-medium:100%;--awb-order-medium:0;--awb-spacing-right-medium:1.92%;--awb-spacing-left-medium:1.92%;--awb-width-small:100%;--awb-order-small:0;--awb-spacing-right-small:1.92%;--awb-spacing-left-small:1.92%;\"><div class=\"fusion-column-wrapper fusion-column-has-shadow fusion-flex-justify-content-space-evenly fusion-content-layout-column\"><\/div><\/div><\/div><\/div><div class=\"fusion-fullwidth fullwidth-box fusion-builder-row-3 fusion-flex-container has-pattern-background has-mask-background hundred-percent-fullwidth non-hundred-percent-height-scrolling fusion-no-medium-visibility fusion-no-large-visibility\" style=\"--awb-border-radius-top-left:0px;--awb-border-radius-top-right:0px;--awb-border-radius-bottom-right:0px;--awb-border-radius-bottom-left:0px;--awb-padding-top:5%;--awb-padding-right:5%;--awb-padding-bottom:5%;--awb-padding-left:5%;--awb-margin-bottom:0px;--awb-background-color:#fb8e91;--awb-flex-wrap:wrap;\" ><div class=\"fusion-builder-row fusion-row fusion-flex-align-items-flex-start fusion-flex-justify-content-space-between fusion-flex-content-wrap\" style=\"width:104% !important;max-width:104% !important;margin-left: calc(-4% \/ 2 );margin-right: calc(-4% \/ 2 );\"><div class=\"fusion-layout-column fusion_builder_column fusion-builder-column-3 fusion_builder_column_2_5 2_5 fusion-flex-column fusion-flex-align-self-stretch\" style=\"--awb-padding-right:5%;--awb-padding-left:5%;--awb-bg-size:cover;--awb-border-color:#004c72;--awb-border-style:solid;--awb-width-large:40%;--awb-margin-top-large:0px;--awb-spacing-right-large:0px;--awb-margin-bottom-large:0px;--awb-spacing-left-large:0px;--awb-width-medium:100%;--awb-order-medium:0;--awb-spacing-right-medium:1.92%;--awb-spacing-left-medium:1.92%;--awb-width-small:100%;--awb-order-small:0;--awb-spacing-right-small:1.92%;--awb-spacing-left-small:1.92%;\"><div class=\"fusion-column-wrapper fusion-column-has-shadow fusion-flex-justify-content-space-evenly fusion-content-layout-column\"><div class=\"fusion-title title fusion-title-3 fusion-sep-none fusion-title-center fusion-title-rotating fusion-loop-off fusion-title-clipIn fusion-title-size-two\" style=\"--awb-text-color:#ffffff;--awb-font-size:25px;\"><h2 class=\"fusion-title-heading title-heading-center fusion-responsive-typography-calculated\" style=\"margin:0;font-size:1em;text-transform:capitalize;--fontSize:25;--minFontSize:25;line-height:1.25;\"><span class=\"fusion-animated-text-prefix\"><\/span> <span class=\"fusion-animated-texts-wrapper\" style=\"text-align: center;\" data-length=\"line\" data-minDisplayTime=\"1200\"><span class=\"fusion-animated-texts\"><span data-in-effect=\"clipIn\" class=\"fusion-animated-text\" data-in-sequence=\"true\" data-out-reverse=\"true\" data-out-effect=\"clipOut\">Ubicaci\u00f3n de la cl\u00ednica<\/span><\/span><\/span> <span class=\"fusion-animated-text-postfix\"><\/span><\/h2><\/div><div class=\"fusion-text fusion-text-3 fusion-text-no-margin\" style=\"--awb-content-alignment:center;--awb-text-color:#ffffff;--awb-margin-bottom:5%;--awb-text-font-family:&quot;Open Sans&quot;;--awb-text-font-style:normal;--awb-text-font-weight:400;\"><p><span style=\"font-size: 12pt;\">Para consultas m\u00e9dicas y rehabilitaci\u00f3n de adultos, en la<br \/>\n<strong>Calle Alemania 59, 04740 Roquetas de Mar<\/strong><\/span><\/p>\n<\/div><div class=\"fusion-builder-row fusion-builder-row-inner fusion-row fusion-flex-align-items-flex-start fusion-flex-justify-content-space-between fusion-flex-content-wrap\" style=\"width:104% !important;max-width:104% !important;margin-left: calc(-4% \/ 2 );margin-right: calc(-4% \/ 2 );\"><div class=\"fusion-layout-column fusion_builder_column_inner fusion-builder-nested-column-1 fusion_builder_column_inner_1_1 1_1 fusion-flex-column fusion-flex-align-self-stretch\" style=\"--awb-overflow:hidden;--awb-bg-size:cover;--awb-border-radius:30px 30px 30px 30px;--awb-width-large:100%;--awb-margin-top-large:0px;--awb-spacing-right-large:1.92%;--awb-margin-bottom-large:30px;--awb-spacing-left-large:1.92%;--awb-width-medium:100%;--awb-order-medium:0;--awb-spacing-right-medium:1.92%;--awb-spacing-left-medium:1.92%;--awb-width-small:100%;--awb-order-small:0;--awb-spacing-right-small:1.92%;--awb-spacing-left-small:1.92%;\"><div class=\"fusion-column-wrapper fusion-column-has-shadow fusion-flex-justify-content-space-around fusion-content-layout-column\"><iframe src=\"https:\/\/www.google.com\/maps\/embed?pb=!1m18!1m12!1m3!1d798.9800228065342!2d-2.60695621187236!3d36.77248439874095!2m3!1f0!2f0!3f0!3m2!1i1024!2i768!4f13.1!3m3!1m2!1s0xd707016551d0b15%3A0x9de4118282e1d895!2sC.%20Alemania%2C%2059%2C%2004740%20Roquetas%20de%20Mar%2C%20Almer%C3%ADa!5e0!3m2!1ses!2ses!4v1666966313001!5m2!1ses!2ses\" width=\"100%\" height=\"350\" style=\"border:0;\" allowfullscreen=\"\" loading=\"lazy\" referrerpolicy=\"no-referrer-when-downgrade\"><\/iframe><\/div><\/div><\/div><\/div><\/div><div class=\"fusion-layout-column fusion_builder_column fusion-builder-column-4 fusion_builder_column_3_5 3_5 fusion-flex-column fusion-flex-align-self-stretch\" style=\"--awb-bg-position:center top;--awb-bg-size:cover;--awb-border-color:#004c72;--awb-border-style:solid;--awb-width-large:60%;--awb-margin-top-large:0px;--awb-spacing-right-large:0px;--awb-margin-bottom-large:0px;--awb-spacing-left-large:0px;--awb-width-medium:100%;--awb-order-medium:0;--awb-spacing-right-medium:1.92%;--awb-spacing-left-medium:1.92%;--awb-width-small:100%;--awb-order-small:0;--awb-spacing-right-small:1.92%;--awb-spacing-left-small:1.92%;\"><div class=\"fusion-column-wrapper fusion-column-has-shadow fusion-flex-justify-content-space-evenly fusion-content-layout-column\"><div class=\"fusion-image-element \" style=\"text-align:center;--awb-margin-right:5%;--awb-margin-left:5%;--awb-caption-title-font-family:var(--h2_typography-font-family);--awb-caption-title-font-weight:var(--h2_typography-font-weight);--awb-caption-title-font-style:var(--h2_typography-font-style);--awb-caption-title-size:var(--h2_typography-font-size);--awb-caption-title-transform:var(--h2_typography-text-transform);--awb-caption-title-line-height:var(--h2_typography-line-height);--awb-caption-title-letter-spacing:var(--h2_typography-letter-spacing);\"><span class=\" fusion-imageframe imageframe-none imageframe-1 hover-type-none\" style=\"border-radius:30px;\"><img decoding=\"async\" width=\"1435\" height=\"871\" title=\"clinica-desarrollo-infantil-atencion-temprana\" src=\"https:\/\/clinicaneurologicarubi.com\/desarrollo-infantil\/wp-content\/uploads\/2022\/10\/clinica-desarrollo-infantil-atencion-temprana.jpg\" data-orig-src=\"https:\/\/clinicaneurologicarubi.com\/desarrollo-infantil\/wp-content\/uploads\/2022\/10\/clinica-desarrollo-infantil-atencion-temprana.jpg\" alt class=\"lazyload img-responsive wp-image-1175\" srcset=\"data:image\/svg+xml,%3Csvg%20xmlns%3D%27http%3A%2F%2Fwww.w3.org%2F2000%2Fsvg%27%20width%3D%271435%27%20height%3D%27871%27%20viewBox%3D%270%200%201435%20871%27%3E%3Crect%20width%3D%271435%27%20height%3D%27871%27%20fill-opacity%3D%220%22%2F%3E%3C%2Fsvg%3E\" data-srcset=\"https:\/\/clinicaneurologicarubi.com\/desarrollo-infantil\/wp-content\/uploads\/2022\/10\/clinica-desarrollo-infantil-atencion-temprana-200x121.jpg 200w, https:\/\/clinicaneurologicarubi.com\/desarrollo-infantil\/wp-content\/uploads\/2022\/10\/clinica-desarrollo-infantil-atencion-temprana-400x243.jpg 400w, https:\/\/clinicaneurologicarubi.com\/desarrollo-infantil\/wp-content\/uploads\/2022\/10\/clinica-desarrollo-infantil-atencion-temprana-600x364.jpg 600w, https:\/\/clinicaneurologicarubi.com\/desarrollo-infantil\/wp-content\/uploads\/2022\/10\/clinica-desarrollo-infantil-atencion-temprana-800x486.jpg 800w, https:\/\/clinicaneurologicarubi.com\/desarrollo-infantil\/wp-content\/uploads\/2022\/10\/clinica-desarrollo-infantil-atencion-temprana-1200x728.jpg 1200w, https:\/\/clinicaneurologicarubi.com\/desarrollo-infantil\/wp-content\/uploads\/2022\/10\/clinica-desarrollo-infantil-atencion-temprana.jpg 1435w\" data-sizes=\"auto\" data-orig-sizes=\"(max-width: 1024px) 100vw, (max-width: 640px) 100vw, 1200px\" \/><\/span><\/div><\/div><\/div><\/div><\/div><\/p>\n","protected":false},"excerpt":{"rendered":"","protected":false},"author":1,"featured_media":0,"parent":0,"menu_order":0,"comment_status":"closed","ping_status":"closed","template":"100-width.php","meta":{"footnotes":""},"class_list":["post-1281","page","type-page","status-publish","hentry"],"yoast_head":"<!-- This site is optimized with the Yoast SEO plugin v27.5 - https:\/\/yoast.com\/product\/yoast-seo-wordpress\/ -->\n<title>Modelo de atenci\u00f3n - Clinica Neurol\u00f3gica Rub\u00ed<\/title>\n<meta name=\"robots\" content=\"index, follow, max-snippet:-1, max-image-preview:large, max-video-preview:-1\" \/>\n<link rel=\"canonical\" href=\"https:\/\/clinicaneurologicarubi.com\/desarrollo-infantil\/modelo-de-atencion\/\" \/>\n<meta property=\"og:locale\" content=\"es_ES\" \/>\n<meta property=\"og:type\" content=\"article\" \/>\n<meta property=\"og:title\" content=\"Modelo de atenci\u00f3n - Clinica Neurol\u00f3gica Rub\u00ed\" \/>\n<meta property=\"og:url\" content=\"https:\/\/clinicaneurologicarubi.com\/desarrollo-infantil\/modelo-de-atencion\/\" \/>\n<meta property=\"og:site_name\" content=\"Clinica Neurol\u00f3gica Rub\u00ed\" \/>\n<meta property=\"article:publisher\" content=\"https:\/\/www.facebook.com\/ClinicaNeurologicaDrRubi\" \/>\n<meta property=\"article:modified_time\" content=\"2022-11-18T17:46:08+00:00\" \/>\n<meta name=\"twitter:card\" content=\"summary_large_image\" \/>\n<meta name=\"twitter:label1\" content=\"Tiempo de lectura\" \/>\n\t<meta name=\"twitter:data1\" content=\"10 minutos\" \/>\n<script type=\"application\/ld+json\" class=\"yoast-schema-graph\">{\"@context\":\"https:\\\/\\\/schema.org\",\"@graph\":[{\"@type\":\"WebPage\",\"@id\":\"https:\\\/\\\/clinicaneurologicarubi.com\\\/desarrollo-infantil\\\/modelo-de-atencion\\\/\",\"url\":\"https:\\\/\\\/clinicaneurologicarubi.com\\\/desarrollo-infantil\\\/modelo-de-atencion\\\/\",\"name\":\"Modelo de atenci\u00f3n - Clinica Neurol\u00f3gica Rub\u00ed\",\"isPartOf\":{\"@id\":\"https:\\\/\\\/clinicaneurologicarubi.com\\\/desarrollo-infantil\\\/#website\"},\"datePublished\":\"2022-11-18T17:07:10+00:00\",\"dateModified\":\"2022-11-18T17:46:08+00:00\",\"breadcrumb\":{\"@id\":\"https:\\\/\\\/clinicaneurologicarubi.com\\\/desarrollo-infantil\\\/modelo-de-atencion\\\/#breadcrumb\"},\"inLanguage\":\"es\",\"potentialAction\":[{\"@type\":\"ReadAction\",\"target\":[\"https:\\\/\\\/clinicaneurologicarubi.com\\\/desarrollo-infantil\\\/modelo-de-atencion\\\/\"]}]},{\"@type\":\"BreadcrumbList\",\"@id\":\"https:\\\/\\\/clinicaneurologicarubi.com\\\/desarrollo-infantil\\\/modelo-de-atencion\\\/#breadcrumb\",\"itemListElement\":[{\"@type\":\"ListItem\",\"position\":1,\"name\":\"Portada\",\"item\":\"https:\\\/\\\/clinicaneurologicarubi.com\\\/desarrollo-infantil\\\/\"},{\"@type\":\"ListItem\",\"position\":2,\"name\":\"Modelo de atenci\u00f3n\"}]},{\"@type\":\"WebSite\",\"@id\":\"https:\\\/\\\/clinicaneurologicarubi.com\\\/desarrollo-infantil\\\/#website\",\"url\":\"https:\\\/\\\/clinicaneurologicarubi.com\\\/desarrollo-infantil\\\/\",\"name\":\"Clinica Neurol\u00f3gica Rub\u00ed\",\"description\":\"Desarrollo Infantil y Atenci\u00f3n Temprana\",\"publisher\":{\"@id\":\"https:\\\/\\\/clinicaneurologicarubi.com\\\/desarrollo-infantil\\\/#organization\"},\"potentialAction\":[{\"@type\":\"SearchAction\",\"target\":{\"@type\":\"EntryPoint\",\"urlTemplate\":\"https:\\\/\\\/clinicaneurologicarubi.com\\\/desarrollo-infantil\\\/?s={search_term_string}\"},\"query-input\":{\"@type\":\"PropertyValueSpecification\",\"valueRequired\":true,\"valueName\":\"search_term_string\"}}],\"inLanguage\":\"es\"},{\"@type\":\"Organization\",\"@id\":\"https:\\\/\\\/clinicaneurologicarubi.com\\\/desarrollo-infantil\\\/#organization\",\"name\":\"Clinica Neurol\u00f3gica Rub\u00ed\",\"url\":\"https:\\\/\\\/clinicaneurologicarubi.com\\\/desarrollo-infantil\\\/\",\"logo\":{\"@type\":\"ImageObject\",\"inLanguage\":\"es\",\"@id\":\"https:\\\/\\\/clinicaneurologicarubi.com\\\/desarrollo-infantil\\\/#\\\/schema\\\/logo\\\/image\\\/\",\"url\":\"https:\\\/\\\/clinicaneurologicarubi.com\\\/desarrollo-infantil\\\/wp-content\\\/uploads\\\/2023\\\/01\\\/logo-RUBI-08-scaled.jpg\",\"contentUrl\":\"https:\\\/\\\/clinicaneurologicarubi.com\\\/desarrollo-infantil\\\/wp-content\\\/uploads\\\/2023\\\/01\\\/logo-RUBI-08-scaled.jpg\",\"width\":2560,\"height\":1281,\"caption\":\"Clinica Neurol\u00f3gica Rub\u00ed\"},\"image\":{\"@id\":\"https:\\\/\\\/clinicaneurologicarubi.com\\\/desarrollo-infantil\\\/#\\\/schema\\\/logo\\\/image\\\/\"},\"sameAs\":[\"https:\\\/\\\/www.facebook.com\\\/ClinicaNeurologicaDrRubi\",\"https:\\\/\\\/www.instagram.com\\\/clinicaneurologicadr.rubi\\\/\",\"https:\\\/\\\/www.youtube.com\\\/watch?v=frdCR2TsbNY\"]}]}<\/script>\n<!-- \/ Yoast SEO plugin. -->","yoast_head_json":{"title":"Modelo de atenci\u00f3n - Clinica Neurol\u00f3gica Rub\u00ed","robots":{"index":"index","follow":"follow","max-snippet":"max-snippet:-1","max-image-preview":"max-image-preview:large","max-video-preview":"max-video-preview:-1"},"canonical":"https:\/\/clinicaneurologicarubi.com\/desarrollo-infantil\/modelo-de-atencion\/","og_locale":"es_ES","og_type":"article","og_title":"Modelo de atenci\u00f3n - Clinica Neurol\u00f3gica Rub\u00ed","og_url":"https:\/\/clinicaneurologicarubi.com\/desarrollo-infantil\/modelo-de-atencion\/","og_site_name":"Clinica Neurol\u00f3gica Rub\u00ed","article_publisher":"https:\/\/www.facebook.com\/ClinicaNeurologicaDrRubi","article_modified_time":"2022-11-18T17:46:08+00:00","twitter_card":"summary_large_image","twitter_misc":{"Tiempo de lectura":"10 minutos"},"schema":{"@context":"https:\/\/schema.org","@graph":[{"@type":"WebPage","@id":"https:\/\/clinicaneurologicarubi.com\/desarrollo-infantil\/modelo-de-atencion\/","url":"https:\/\/clinicaneurologicarubi.com\/desarrollo-infantil\/modelo-de-atencion\/","name":"Modelo de atenci\u00f3n - Clinica Neurol\u00f3gica Rub\u00ed","isPartOf":{"@id":"https:\/\/clinicaneurologicarubi.com\/desarrollo-infantil\/#website"},"datePublished":"2022-11-18T17:07:10+00:00","dateModified":"2022-11-18T17:46:08+00:00","breadcrumb":{"@id":"https:\/\/clinicaneurologicarubi.com\/desarrollo-infantil\/modelo-de-atencion\/#breadcrumb"},"inLanguage":"es","potentialAction":[{"@type":"ReadAction","target":["https:\/\/clinicaneurologicarubi.com\/desarrollo-infantil\/modelo-de-atencion\/"]}]},{"@type":"BreadcrumbList","@id":"https:\/\/clinicaneurologicarubi.com\/desarrollo-infantil\/modelo-de-atencion\/#breadcrumb","itemListElement":[{"@type":"ListItem","position":1,"name":"Portada","item":"https:\/\/clinicaneurologicarubi.com\/desarrollo-infantil\/"},{"@type":"ListItem","position":2,"name":"Modelo de atenci\u00f3n"}]},{"@type":"WebSite","@id":"https:\/\/clinicaneurologicarubi.com\/desarrollo-infantil\/#website","url":"https:\/\/clinicaneurologicarubi.com\/desarrollo-infantil\/","name":"Clinica Neurol\u00f3gica Rub\u00ed","description":"Desarrollo Infantil y Atenci\u00f3n Temprana","publisher":{"@id":"https:\/\/clinicaneurologicarubi.com\/desarrollo-infantil\/#organization"},"potentialAction":[{"@type":"SearchAction","target":{"@type":"EntryPoint","urlTemplate":"https:\/\/clinicaneurologicarubi.com\/desarrollo-infantil\/?s={search_term_string}"},"query-input":{"@type":"PropertyValueSpecification","valueRequired":true,"valueName":"search_term_string"}}],"inLanguage":"es"},{"@type":"Organization","@id":"https:\/\/clinicaneurologicarubi.com\/desarrollo-infantil\/#organization","name":"Clinica Neurol\u00f3gica Rub\u00ed","url":"https:\/\/clinicaneurologicarubi.com\/desarrollo-infantil\/","logo":{"@type":"ImageObject","inLanguage":"es","@id":"https:\/\/clinicaneurologicarubi.com\/desarrollo-infantil\/#\/schema\/logo\/image\/","url":"https:\/\/clinicaneurologicarubi.com\/desarrollo-infantil\/wp-content\/uploads\/2023\/01\/logo-RUBI-08-scaled.jpg","contentUrl":"https:\/\/clinicaneurologicarubi.com\/desarrollo-infantil\/wp-content\/uploads\/2023\/01\/logo-RUBI-08-scaled.jpg","width":2560,"height":1281,"caption":"Clinica Neurol\u00f3gica Rub\u00ed"},"image":{"@id":"https:\/\/clinicaneurologicarubi.com\/desarrollo-infantil\/#\/schema\/logo\/image\/"},"sameAs":["https:\/\/www.facebook.com\/ClinicaNeurologicaDrRubi","https:\/\/www.instagram.com\/clinicaneurologicadr.rubi\/","https:\/\/www.youtube.com\/watch?v=frdCR2TsbNY"]}]}},"_links":{"self":[{"href":"https:\/\/clinicaneurologicarubi.com\/desarrollo-infantil\/wp-json\/wp\/v2\/pages\/1281","targetHints":{"allow":["GET"]}}],"collection":[{"href":"https:\/\/clinicaneurologicarubi.com\/desarrollo-infantil\/wp-json\/wp\/v2\/pages"}],"about":[{"href":"https:\/\/clinicaneurologicarubi.com\/desarrollo-infantil\/wp-json\/wp\/v2\/types\/page"}],"author":[{"embeddable":true,"href":"https:\/\/clinicaneurologicarubi.com\/desarrollo-infantil\/wp-json\/wp\/v2\/users\/1"}],"replies":[{"embeddable":true,"href":"https:\/\/clinicaneurologicarubi.com\/desarrollo-infantil\/wp-json\/wp\/v2\/comments?post=1281"}],"version-history":[{"count":0,"href":"https:\/\/clinicaneurologicarubi.com\/desarrollo-infantil\/wp-json\/wp\/v2\/pages\/1281\/revisions"}],"wp:attachment":[{"href":"https:\/\/clinicaneurologicarubi.com\/desarrollo-infantil\/wp-json\/wp\/v2\/media?parent=1281"}],"curies":[{"name":"wp","href":"https:\/\/api.w.org\/{rel}","templated":true}]}}